{"id":31,"date":"2017-02-18T21:12:02","date_gmt":"2017-02-18T21:12:02","guid":{"rendered":"https:\/\/obitelj-vn.org\/?page_id=31"},"modified":"2018-06-17T10:19:13","modified_gmt":"2018-06-17T10:19:13","slug":"dogadanja","status":"publish","type":"page","link":"https:\/\/obitelj-vn.org\/?page_id=31","title":{"rendered":"Doga\u0111anja"},"content":{"rendered":"<div id=\"timeline\"><div class=\"monthyear\">April, 2026<\/div><div class=\"pstlist\">\r\n\t\t\t <div class=\"PostMeta\">\r\n\t\t\t\t\t<span class=\"tdata\">14 travnja<\/span>\r\n\t\t\t\t\t\r\n\t\t\t\t\t                                    \r\n             <\/div>\r\n\t\t\t<h6><a href=\"https:\/\/obitelj-vn.org\/?p=4170\" title=\"U Travniku zavr\u0161en proljetni ciklus te\u010dajeva priprave za sakramentalni brak u 2026. g.\">U Travniku zavr\u0161en proljetni ciklus te\u010dajeva priprave za sakramentalni brak u 2026. g.<\/a><\/h6>\r\n\t\t\t<div class=\"thumbxxx\"><a href=\"https:\/\/obitelj-vn.org\/?p=4170\" title=\"U Travniku zavr\u0161en proljetni ciklus te\u010dajeva priprave za sakramentalni brak u 2026. g.\"><img loading=\"lazy\" decoding=\"async\" width=\"640\" height=\"480\" src=\"https:\/\/obitelj-vn.org\/wp-content\/uploads\/2026\/04\/IMG_1717.jpeg\" class=\"attachment-post-thumbnail size-post-thumbnail wp-post-image\" alt=\"\" srcset=\"https:\/\/obitelj-vn.org\/wp-content\/uploads\/2026\/04\/IMG_1717.jpeg 640w, https:\/\/obitelj-vn.org\/wp-content\/uploads\/2026\/04\/IMG_1717-300x225.jpeg 300w\" sizes=\"auto, (max-width: 640px) 100vw, 640px\" \/><\/a><\/div>\r\n\t\t\t\t <p><p>Na uskrsnu subotu, 11. travnja 2026. g. u \u017eupi sv. Ivana Krstitelja u Travniku odr\u017ean je jo\u0161 jedan te\u010daj priprave za sakramentalni brak u Vrhbosanskoj nadbiskupiji. Susret je okupio 33 zaru\u010dnika iz raznih krajeva Crkve u Bosni i Hercegovini i Hrvatskoj. Nakon rije\u010di dobrodo\u0161lice travni\u010dkog \u017eupnika i dekana mr. sc. pre\u010d. Josipa Lebe, povjerenik&#8230;<\/p>\n<\/p>\t\r\n\t\t\t\t <a class=\"morebtn\" href=\"https:\/\/obitelj-vn.org\/?p=4170\" title=\"U Travniku zavr\u0161en proljetni ciklus te\u010dajeva priprave za sakramentalni brak u 2026. g.\">Read More<\/a>\t\r\n\t\t\t<div class=\"clear\"><\/div><\/div><div class=\"monthyear\">March, 2026<\/div><div class=\"pstlist\">\r\n\t\t\t <div class=\"PostMeta\">\r\n\t\t\t\t\t<span class=\"tdata\">30 o\u017eujka<\/span>\r\n\t\t\t\t\t\r\n\t\t\t\t\t                                    \r\n             <\/div>\r\n\t\t\t<h6><a href=\"https:\/\/obitelj-vn.org\/?p=4160\" title=\"U Livnu odr\u017ean te\u010daj priprave za sakramentalni brak\">U Livnu odr\u017ean te\u010daj priprave za sakramentalni brak<\/a><\/h6>\r\n\t\t\t<div class=\"thumbxxx\"><a href=\"https:\/\/obitelj-vn.org\/?p=4160\" title=\"U Livnu odr\u017ean te\u010daj priprave za sakramentalni brak\"><img loading=\"lazy\" decoding=\"async\" width=\"640\" height=\"480\" src=\"https:\/\/obitelj-vn.org\/wp-content\/uploads\/2026\/03\/IMG_1463.jpeg\" class=\"attachment-post-thumbnail size-post-thumbnail wp-post-image\" alt=\"\" srcset=\"https:\/\/obitelj-vn.org\/wp-content\/uploads\/2026\/03\/IMG_1463.jpeg 640w, https:\/\/obitelj-vn.org\/wp-content\/uploads\/2026\/03\/IMG_1463-300x225.jpeg 300w\" sizes=\"auto, (max-width: 640px) 100vw, 640px\" \/><\/a><\/div>\r\n\t\t\t\t <p><p>U \u017eupi svih Svetih u Livnu u subotu, 28. o\u017eujka 2026., odr\u017ean je te\u010daj priprave za sakramentalni brak, kojeg je organizirao Ured za brak i obitelj Vrhbosanske nadbiskupije u suradnji s livanjskim \u017eupnikom fra Jurom Peri\u0107em i dekanom Livanjskog dekanata fra Miljenkom Petri\u010devi\u0107em. Susret je okupio 170 zaru\u010dnika iz \u017eupa livanjskog kraja, te drugih&#8230;<\/p>\n<\/p>\t\r\n\t\t\t\t <a class=\"morebtn\" href=\"https:\/\/obitelj-vn.org\/?p=4160\" title=\"U Livnu odr\u017ean te\u010daj priprave za sakramentalni brak\">Read More<\/a>\t\r\n\t\t\t<div class=\"clear\"><\/div><\/div><div class=\"pstlist\">\r\n\t\t\t <div class=\"PostMeta\">\r\n\t\t\t\t\t<span class=\"tdata\">23 o\u017eujka<\/span>\r\n\t\t\t\t\t\r\n\t\t\t\t\t                                    \r\n             <\/div>\r\n\t\t\t<h6><a href=\"https:\/\/obitelj-vn.org\/?p=4151\" title=\"U Lugu kod Kiseljaka odr\u017eana vi\u0161ednevna duhovna obnova za obitelji\">U Lugu kod Kiseljaka odr\u017eana vi\u0161ednevna duhovna obnova za obitelji<\/a><\/h6>\r\n\t\t\t<div class=\"thumbxxx\"><a href=\"https:\/\/obitelj-vn.org\/?p=4151\" title=\"U Lugu kod Kiseljaka odr\u017eana vi\u0161ednevna duhovna obnova za obitelji\"><img loading=\"lazy\" decoding=\"async\" width=\"640\" height=\"427\" src=\"https:\/\/obitelj-vn.org\/wp-content\/uploads\/2026\/03\/1P7A1836.jpeg\" class=\"attachment-post-thumbnail size-post-thumbnail wp-post-image\" alt=\"\" srcset=\"https:\/\/obitelj-vn.org\/wp-content\/uploads\/2026\/03\/1P7A1836.jpeg 640w, https:\/\/obitelj-vn.org\/wp-content\/uploads\/2026\/03\/1P7A1836-300x200.jpeg 300w, https:\/\/obitelj-vn.org\/wp-content\/uploads\/2026\/03\/1P7A1836-272x182.jpeg 272w\" sizes=\"auto, (max-width: 640px) 100vw, 640px\" \/><\/a><\/div>\r\n\t\t\t\t <p><p>Ured za brak i obitelj Vrhbosanske nadbiskupije i zajednica \u201eMolitva i Rije\u010d\u201c, u suradnji s Centrom za savjetovanje Vrhbosanske nadbiskupije i Pastoralno-socijalnim centrom \u201eSv. Josip\u201c Caritasa Vrhbosanske nadbiskupije, organizirali su u spomenutom Caritasovom centru u Lugu kod Kiseljaku vi\u0161ednevnu korizmenu duhovnu obnovu za obitelji pod nazivom \u201eBude\u0161 li vjerovala, vidjet \u0107e\u0161 slavu Bo\u017eju\u201d (Iv&#8230;<\/p>\n<\/p>\t\r\n\t\t\t\t <a class=\"morebtn\" href=\"https:\/\/obitelj-vn.org\/?p=4151\" title=\"U Lugu kod Kiseljaka odr\u017eana vi\u0161ednevna duhovna obnova za obitelji\">Read More<\/a>\t\r\n\t\t\t<div class=\"clear\"><\/div><\/div><div class=\"pstlist\">\r\n\t\t\t <div class=\"PostMeta\">\r\n\t\t\t\t\t<span class=\"tdata\">23 o\u017eujka<\/span>\r\n\t\t\t\t\t\r\n\t\t\t\t\t                                    \r\n             <\/div>\r\n\t\t\t<h6><a href=\"https:\/\/obitelj-vn.org\/?p=4142\" title=\"U Uskoplju odr\u017ean te\u010daj priprave za sakramentalni brak\">U Uskoplju odr\u017ean te\u010daj priprave za sakramentalni brak<\/a><\/h6>\r\n\t\t\t<div class=\"thumbxxx\"><a href=\"https:\/\/obitelj-vn.org\/?p=4142\" title=\"U Uskoplju odr\u017ean te\u010daj priprave za sakramentalni brak\"><img loading=\"lazy\" decoding=\"async\" width=\"640\" height=\"480\" src=\"https:\/\/obitelj-vn.org\/wp-content\/uploads\/2026\/03\/IMG_1370.jpeg\" class=\"attachment-post-thumbnail size-post-thumbnail wp-post-image\" alt=\"\" srcset=\"https:\/\/obitelj-vn.org\/wp-content\/uploads\/2026\/03\/IMG_1370.jpeg 640w, https:\/\/obitelj-vn.org\/wp-content\/uploads\/2026\/03\/IMG_1370-300x225.jpeg 300w\" sizes=\"auto, (max-width: 640px) 100vw, 640px\" \/><\/a><\/div>\r\n\t\t\t\t <p><p>U \u017eupi Uznesenja BDM u Uskoplju odr\u017ean je u subotu, 21. o\u017eujka 2026., te\u010daj priprave za sakramentalni brak. Sudjelovalo je 46 zaru\u010dnika, ve\u0107inom iz \u017eupa Bugojanskog dekanata. Na samom po\u010detku rije\u010di dobrodo\u0161lice uputio je \u017eupnik doma\u0107in fra Ivica Mati\u0161i\u0107. Nakon trenutka molitve uslijedila su predavanja iz \u010detiri tematska podru\u010dja: teolo\u0161ko-duhovnog, psiholo\u0161ko-pedago\u0161kog, medicinskog i crkveno-pravnog&#8230;.<\/p>\n<\/p>\t\r\n\t\t\t\t <a class=\"morebtn\" href=\"https:\/\/obitelj-vn.org\/?p=4142\" title=\"U Uskoplju odr\u017ean te\u010daj priprave za sakramentalni brak\">Read More<\/a>\t\r\n\t\t\t<div class=\"clear\"><\/div><\/div><div class=\"pstlist\">\r\n\t\t\t <div class=\"PostMeta\">\r\n\t\t\t\t\t<span class=\"tdata\">16 o\u017eujka<\/span>\r\n\t\t\t\t\t\r\n\t\t\t\t\t                                    \r\n             <\/div>\r\n\t\t\t<h6><a href=\"https:\/\/obitelj-vn.org\/?p=4135\" title=\"U Tolisi odr\u017ean te\u010daj priprave za sakramentalni brak\">U Tolisi odr\u017ean te\u010daj priprave za sakramentalni brak<\/a><\/h6>\r\n\t\t\t<div class=\"thumbxxx\"><a href=\"https:\/\/obitelj-vn.org\/?p=4135\" title=\"U Tolisi odr\u017ean te\u010daj priprave za sakramentalni brak\"><img loading=\"lazy\" decoding=\"async\" width=\"640\" height=\"480\" src=\"https:\/\/obitelj-vn.org\/wp-content\/uploads\/2026\/03\/3bcbd578-cd5e-4af6-9a4b-4c980aa26422.jpeg\" class=\"attachment-post-thumbnail size-post-thumbnail wp-post-image\" alt=\"\" srcset=\"https:\/\/obitelj-vn.org\/wp-content\/uploads\/2026\/03\/3bcbd578-cd5e-4af6-9a4b-4c980aa26422.jpeg 640w, https:\/\/obitelj-vn.org\/wp-content\/uploads\/2026\/03\/3bcbd578-cd5e-4af6-9a4b-4c980aa26422-300x225.jpeg 300w\" sizes=\"auto, (max-width: 640px) 100vw, 640px\" \/><\/a><\/div>\r\n\t\t\t\t <p><p>U \u017eupi Uznesenja BDM u Tolisi odr\u017ean je u subotu, 14. o\u017eujka 2026., te\u010daj priprave za sakramentalni brak. Sudjelovalo je 105 zaru\u010dnika, od kojih ve\u0107ina dolazi iz \u017eupa \u0160ama\u010dkog, Doborskog, Br\u010danskog i Tuzlanskog dekanata. Na samom po\u010detku sve prisutne je pozdravio fra Marinko \u017divkovi\u0107, toli\u0161ki \u017eupnik i gvardijan, te otvorio susret molitvom. Potom su&#8230;<\/p>\n<\/p>\t\r\n\t\t\t\t <a class=\"morebtn\" href=\"https:\/\/obitelj-vn.org\/?p=4135\" title=\"U Tolisi odr\u017ean te\u010daj priprave za sakramentalni brak\">Read More<\/a>\t\r\n\t\t\t<div class=\"clear\"><\/div><\/div><div class=\"pstlist\">\r\n\t\t\t <div class=\"PostMeta\">\r\n\t\t\t\t\t<span class=\"tdata\">9 o\u017eujka<\/span>\r\n\t\t\t\t\t\r\n\t\t\t\t\t                                    \r\n             <\/div>\r\n\t\t\t<h6><a href=\"https:\/\/obitelj-vn.org\/?p=4127\" title=\"U \u017dep\u010du odr\u017ean te\u010daj priprave za sakramentalni brak\">U \u017dep\u010du odr\u017ean te\u010daj priprave za sakramentalni brak<\/a><\/h6>\r\n\t\t\t<div class=\"thumbxxx\"><a href=\"https:\/\/obitelj-vn.org\/?p=4127\" title=\"U \u017dep\u010du odr\u017ean te\u010daj priprave za sakramentalni brak\"><img loading=\"lazy\" decoding=\"async\" width=\"640\" height=\"480\" src=\"https:\/\/obitelj-vn.org\/wp-content\/uploads\/2026\/03\/IMG_1120.jpeg\" class=\"attachment-post-thumbnail size-post-thumbnail wp-post-image\" alt=\"\" srcset=\"https:\/\/obitelj-vn.org\/wp-content\/uploads\/2026\/03\/IMG_1120.jpeg 640w, https:\/\/obitelj-vn.org\/wp-content\/uploads\/2026\/03\/IMG_1120-300x225.jpeg 300w\" sizes=\"auto, (max-width: 640px) 100vw, 640px\" \/><\/a><\/div>\r\n\t\t\t\t <p><p>\u017dupa sv. Ante Padovanskog i Katoli\u010dki \u0161kolski centar \u201eDon Bosco\u201c u \u017dep\u010du bili su doma\u0107ini te\u010daja priprave za sakramentalni brak, odr\u017eanog u subotu, 07. o\u017eujka 2026. Na susretu je sudjelovalo 52 zaru\u010dnika, ve\u0107inom iz \u017eupa \u017depa\u010dkog dekanata. Za vrijeme te\u010daja obra\u0111ena su \u010detiri tematska podru\u010dja: teolo\u0161ko-duhovno, psiholo\u0161ko-pedago\u0161ko, medicinsko i crkveno-pravno. Predava\u010di su bili: dr&#8230;.<\/p>\n<\/p>\t\r\n\t\t\t\t <a class=\"morebtn\" href=\"https:\/\/obitelj-vn.org\/?p=4127\" title=\"U \u017dep\u010du odr\u017ean te\u010daj priprave za sakramentalni brak\">Read More<\/a>\t\r\n\t\t\t<div class=\"clear\"><\/div><\/div><div class=\"pstlist\">\r\n\t\t\t <div class=\"PostMeta\">\r\n\t\t\t\t\t<span class=\"tdata\">4 o\u017eujka<\/span>\r\n\t\t\t\t\t\r\n\t\t\t\t\t                                    \r\n             <\/div>\r\n\t\t\t<h6><a href=\"https:\/\/obitelj-vn.org\/?p=4119\" title=\"Seminar trajne izgradnje sve\u0107enika Vrhbosanske nadbiskupije\">Seminar trajne izgradnje sve\u0107enika Vrhbosanske nadbiskupije<\/a><\/h6>\r\n\t\t\t<div class=\"thumbxxx\"><a href=\"https:\/\/obitelj-vn.org\/?p=4119\" title=\"Seminar trajne izgradnje sve\u0107enika Vrhbosanske nadbiskupije\"><img loading=\"lazy\" decoding=\"async\" width=\"1024\" height=\"720\" src=\"https:\/\/obitelj-vn.org\/wp-content\/uploads\/2026\/03\/d59ed488.jpg\" class=\"attachment-post-thumbnail size-post-thumbnail wp-post-image\" alt=\"\" srcset=\"https:\/\/obitelj-vn.org\/wp-content\/uploads\/2026\/03\/d59ed488.jpg 1024w, https:\/\/obitelj-vn.org\/wp-content\/uploads\/2026\/03\/d59ed488-300x211.jpg 300w, https:\/\/obitelj-vn.org\/wp-content\/uploads\/2026\/03\/d59ed488-768x540.jpg 768w\" sizes=\"auto, (max-width: 1024px) 100vw, 1024px\" \/><\/a><\/div>\r\n\t\t\t\t <p><p>U Nadbiskupijskom centru za pastoral mladih \u201eIvan Pavao II.\u201c od 1. do 3. o\u017eujka odr\u017ean je redoviti seminar trajne izgradnje sve\u0107enika Vrhbosanske nadbiskupije do 10 godina misni\u0161tva. Sudjelovalo je 16 prezbitera re\u0111enih u razdoblju od 2016. do 2025., a sredi\u0161nja tema susreta bila\u00a0Duhovna pratnja sve\u0107enik\u00e2 &#8211; potreba i nedostatci duhovnog vodstva,\u00a0koju je kroz tri&#8230;<\/p>\n<\/p>\t\r\n\t\t\t\t <a class=\"morebtn\" href=\"https:\/\/obitelj-vn.org\/?p=4119\" title=\"Seminar trajne izgradnje sve\u0107enika Vrhbosanske nadbiskupije\">Read More<\/a>\t\r\n\t\t\t<div class=\"clear\"><\/div><\/div><div class=\"pstlist\">\r\n\t\t\t <div class=\"PostMeta\">\r\n\t\t\t\t\t<span class=\"tdata\">2 o\u017eujka<\/span>\r\n\t\t\t\t\t\r\n\t\t\t\t\t                                    \r\n             <\/div>\r\n\t\t\t<h6><a href=\"https:\/\/obitelj-vn.org\/?p=4117\" title=\"U Kre\u0161evu odr\u017ean te\u010daj priprave za sakramentalni brak\">U Kre\u0161evu odr\u017ean te\u010daj priprave za sakramentalni brak<\/a><\/h6>\r\n\t\t\t<div class=\"thumbxxx\"><a href=\"https:\/\/obitelj-vn.org\/?p=4117\" title=\"U Kre\u0161evu odr\u017ean te\u010daj priprave za sakramentalni brak\"><img loading=\"lazy\" decoding=\"async\" width=\"640\" height=\"480\" src=\"https:\/\/obitelj-vn.org\/wp-content\/uploads\/2026\/03\/IMG_0940.jpeg\" class=\"attachment-post-thumbnail size-post-thumbnail wp-post-image\" alt=\"\" srcset=\"https:\/\/obitelj-vn.org\/wp-content\/uploads\/2026\/03\/IMG_0940.jpeg 640w, https:\/\/obitelj-vn.org\/wp-content\/uploads\/2026\/03\/IMG_0940-300x225.jpeg 300w\" sizes=\"auto, (max-width: 640px) 100vw, 640px\" \/><\/a><\/div>\r\n\t\t\t\t <p><p>\u017dupa Uznesenja BDM u Kre\u0161evu bila je doma\u0107in te\u010daja priprave za sakramentalni brak, koji je odr\u017ean u subotu, 28. velja\u010de 2026. Na susretu je sudjelovalo 70 zaru\u010dnika, ve\u0107inom iz \u017eupa Kre\u0161evskog dekanata. Za vrijeme te\u010daja odr\u017eana su \u010detiri izlaganja iz teolo\u0161ko-duhovnog, psiholo\u0161ko-pedago\u0161kog, medicinskog i crkveno-pravnog podru\u010dja. Predava\u010di su bili: dr. sc. vl\u010d. Ante Vrhovac&#8230;<\/p>\n<\/p>\t\r\n\t\t\t\t <a class=\"morebtn\" href=\"https:\/\/obitelj-vn.org\/?p=4117\" title=\"U Kre\u0161evu odr\u017ean te\u010daj priprave za sakramentalni brak\">Read More<\/a>\t\r\n\t\t\t<div class=\"clear\"><\/div><\/div><div class=\"monthyear\">February, 2026<\/div><div class=\"pstlist\">\r\n\t\t\t <div class=\"PostMeta\">\r\n\t\t\t\t\t<span class=\"tdata\">23 velja\u010de<\/span>\r\n\t\t\t\t\t\r\n\t\t\t\t\t                                    \r\n             <\/div>\r\n\t\t\t<h6><a href=\"https:\/\/obitelj-vn.org\/?p=4109\" title=\"Na Gra\u010dacu odr\u017ean te\u010daj priprave za sakramentalni brak\">Na Gra\u010dacu odr\u017ean te\u010daj priprave za sakramentalni brak<\/a><\/h6>\r\n\t\t\t<div class=\"thumbxxx\"><a href=\"https:\/\/obitelj-vn.org\/?p=4109\" title=\"Na Gra\u010dacu odr\u017ean te\u010daj priprave za sakramentalni brak\"><img loading=\"lazy\" decoding=\"async\" width=\"954\" height=\"634\" src=\"https:\/\/obitelj-vn.org\/wp-content\/uploads\/2026\/02\/Gracac2026.jpg\" class=\"attachment-post-thumbnail size-post-thumbnail wp-post-image\" alt=\"\" srcset=\"https:\/\/obitelj-vn.org\/wp-content\/uploads\/2026\/02\/Gracac2026.jpg 954w, https:\/\/obitelj-vn.org\/wp-content\/uploads\/2026\/02\/Gracac2026-300x199.jpg 300w, https:\/\/obitelj-vn.org\/wp-content\/uploads\/2026\/02\/Gracac2026-768x510.jpg 768w, https:\/\/obitelj-vn.org\/wp-content\/uploads\/2026\/02\/Gracac2026-272x182.jpg 272w\" sizes=\"auto, (max-width: 954px) 100vw, 954px\" \/><\/a><\/div>\r\n\t\t\t\t <p><p>U subotu, 21. velja\u010de 2026., odr\u017ean je cjelodnevni te\u010daj priprave za sakramentalni brak\u00a0 u \u017eupi sv. Ante Padovanskog na Gra\u010dacu. Na susretu su sudjelovala 74 zaru\u010dnika. Uz one koji dolaze iz \u017eupa Ramskog dekanata, bili su prisutni i zaru\u010dnici iz drugih dijelova Vrhbosanske nadbiskupije, kao i iz susjedne Mostarsko-duvanjske biskupije i Republike Hrvatske. Za&#8230;<\/p>\n<\/p>\t\r\n\t\t\t\t <a class=\"morebtn\" href=\"https:\/\/obitelj-vn.org\/?p=4109\" title=\"Na Gra\u010dacu odr\u017ean te\u010daj priprave za sakramentalni brak\">Read More<\/a>\t\r\n\t\t\t<div class=\"clear\"><\/div><\/div><div class=\"pstlist\">\r\n\t\t\t <div class=\"PostMeta\">\r\n\t\t\t\t\t<span class=\"tdata\">16 velja\u010de<\/span>\r\n\t\t\t\t\t\r\n\t\t\t\t\t                                    \r\n             <\/div>\r\n\t\t\t<h6><a href=\"https:\/\/obitelj-vn.org\/?p=4102\" title=\"U Vitezu odr\u017ean te\u010daj priprave za sakramentalni brak\">U Vitezu odr\u017ean te\u010daj priprave za sakramentalni brak<\/a><\/h6>\r\n\t\t\t<div class=\"thumbxxx\"><a href=\"https:\/\/obitelj-vn.org\/?p=4102\" title=\"U Vitezu odr\u017ean te\u010daj priprave za sakramentalni brak\"><img loading=\"lazy\" decoding=\"async\" width=\"640\" height=\"480\" src=\"https:\/\/obitelj-vn.org\/wp-content\/uploads\/2026\/02\/IMG_0724.jpeg\" class=\"attachment-post-thumbnail size-post-thumbnail wp-post-image\" alt=\"\" srcset=\"https:\/\/obitelj-vn.org\/wp-content\/uploads\/2026\/02\/IMG_0724.jpeg 640w, https:\/\/obitelj-vn.org\/wp-content\/uploads\/2026\/02\/IMG_0724-300x225.jpeg 300w\" sizes=\"auto, (max-width: 640px) 100vw, 640px\" \/><\/a><\/div>\r\n\t\t\t\t <p><p>U subotu, 14. velja\u010de 2026., odr\u017ean je cjelodnevni te\u010daj priprave za sakramentalni brak\u00a0 u \u017eupi sv. Juraja u Vitezu. Na susretu je sudjelovalo 98 zaru\u010dnika, ve\u0107inom iz \u017eupa Travni\u010dkog dekanata. Bila je prisutna i nekolicina zaru\u010dnika iz Kre\u0161evskog, \u017depa\u010dkog i Bugojanskog dekanata, te drugih dijelova BiH i susjedne Republike Hrvatske. Za vrijeme te\u010daja odr\u017eana&#8230;<\/p>\n<\/p>\t\r\n\t\t\t\t <a class=\"morebtn\" href=\"https:\/\/obitelj-vn.org\/?p=4102\" title=\"U Vitezu odr\u017ean te\u010daj priprave za sakramentalni brak\">Read More<\/a>\t\r\n\t\t\t<div class=\"clear\"><\/div><\/div><div class=\"pstlist\">\r\n\t\t\t <div class=\"PostMeta\">\r\n\t\t\t\t\t<span class=\"tdata\">9 velja\u010de<\/span>\r\n\t\t\t\t\t\r\n\t\t\t\t\t                                    \r\n             <\/div>\r\n\t\t\t<h6><a href=\"https:\/\/obitelj-vn.org\/?p=4094\" title=\"U Jelahu po\u010deo ciklus te\u010dajeva za sakramentalni brak u 2026. g.\">U Jelahu po\u010deo ciklus te\u010dajeva za sakramentalni brak u 2026. g.<\/a><\/h6>\r\n\t\t\t<div class=\"thumbxxx\"><a href=\"https:\/\/obitelj-vn.org\/?p=4094\" title=\"U Jelahu po\u010deo ciklus te\u010dajeva za sakramentalni brak u 2026. g.\"><img loading=\"lazy\" decoding=\"async\" width=\"938\" height=\"570\" src=\"https:\/\/obitelj-vn.org\/wp-content\/uploads\/2026\/02\/000012.jpg\" class=\"attachment-post-thumbnail size-post-thumbnail wp-post-image\" alt=\"\" srcset=\"https:\/\/obitelj-vn.org\/wp-content\/uploads\/2026\/02\/000012.jpg 938w, https:\/\/obitelj-vn.org\/wp-content\/uploads\/2026\/02\/000012-300x182.jpg 300w, https:\/\/obitelj-vn.org\/wp-content\/uploads\/2026\/02\/000012-768x467.jpg 768w\" sizes=\"auto, (max-width: 938px) 100vw, 938px\" \/><\/a><\/div>\r\n\t\t\t\t <p><p>\u017dupa sv. Ivana Krstitelja u Jelahu bila je doma\u0107in prvog ovogodi\u0161njeg te\u010daja za sakramentalni brak u Vrhbosanskoj nadbiskupiji, koji je odr\u017ean u subotu, 7. velja\u010de 2026. g. Na susretu su sudjelovala 22 zaru\u010dnika iz \u017eupa Usorskog dekanata. Nakon uvodne molitve i pozdravih rije\u010di \u017eupnika doma\u0107ina vl\u010d. Ante Dominkovi\u0107a, odr\u017eana su \u010detiri izlaganja iz teolo\u0161ko-duhovnog,&#8230;<\/p>\n<\/p>\t\r\n\t\t\t\t <a class=\"morebtn\" href=\"https:\/\/obitelj-vn.org\/?p=4094\" title=\"U Jelahu po\u010deo ciklus te\u010dajeva za sakramentalni brak u 2026. g.\">Read More<\/a>\t\r\n\t\t\t<div class=\"clear\"><\/div><\/div><div class=\"monthyear\">January, 2026<\/div><div class=\"pstlist\">\r\n\t\t\t <div class=\"PostMeta\">\r\n\t\t\t\t\t<span class=\"tdata\">26 sije\u010dnja<\/span>\r\n\t\t\t\t\t\r\n\t\t\t\t\t                                    \r\n             <\/div>\r\n\t\t\t<h6><a href=\"https:\/\/obitelj-vn.org\/?p=4086\" title=\"U Travni\u010dkom sjemeni\u0161tu odr\u017ean bioeti\u010dki studijski dan\">U Travni\u010dkom sjemeni\u0161tu odr\u017ean bioeti\u010dki studijski dan<\/a><\/h6>\r\n\t\t\t<div class=\"thumbxxx\"><a href=\"https:\/\/obitelj-vn.org\/?p=4086\" title=\"U Travni\u010dkom sjemeni\u0161tu odr\u017ean bioeti\u010dki studijski dan\"><img loading=\"lazy\" decoding=\"async\" width=\"2000\" height=\"1333\" src=\"https:\/\/obitelj-vn.org\/wp-content\/uploads\/2026\/01\/25.jpg\" class=\"attachment-post-thumbnail size-post-thumbnail wp-post-image\" alt=\"\" srcset=\"https:\/\/obitelj-vn.org\/wp-content\/uploads\/2026\/01\/25.jpg 2000w, https:\/\/obitelj-vn.org\/wp-content\/uploads\/2026\/01\/25-300x200.jpg 300w, https:\/\/obitelj-vn.org\/wp-content\/uploads\/2026\/01\/25-1024x682.jpg 1024w, https:\/\/obitelj-vn.org\/wp-content\/uploads\/2026\/01\/25-768x512.jpg 768w, https:\/\/obitelj-vn.org\/wp-content\/uploads\/2026\/01\/25-1536x1024.jpg 1536w, https:\/\/obitelj-vn.org\/wp-content\/uploads\/2026\/01\/25-272x182.jpg 272w\" sizes=\"auto, (max-width: 2000px) 100vw, 2000px\" \/><\/a><\/div>\r\n\t\t\t\t <p><p>Nadbiskupsko sjemeni\u0161te \u201ePetar Barbari\u0107\u201c u Travniku bilo je doma\u0107inom bioeti\u010dkog studijskog dana, koji je odr\u017ean u subotu, 24. sije\u010dnja 2026. g., u organizaciji Ureda za brak i obitelj i Centra za savjetovanje Vrhbosanske nadbiskupije. Susret je bio namijenjen prvenstveno lije\u010dnicama koje djeluju kao suradnice Ureda za brak i obitelj, a to su: Ana Pecirep&#8230;<\/p>\n<\/p>\t\r\n\t\t\t\t <a class=\"morebtn\" href=\"https:\/\/obitelj-vn.org\/?p=4086\" title=\"U Travni\u010dkom sjemeni\u0161tu odr\u017ean bioeti\u010dki studijski dan\">Read More<\/a>\t\r\n\t\t\t<div class=\"clear\"><\/div><\/div><div class=\"monthyear\">October, 2025<\/div><div class=\"pstlist\">\r\n\t\t\t <div class=\"PostMeta\">\r\n\t\t\t\t\t<span class=\"tdata\">28 listopada<\/span>\r\n\t\t\t\t\t\r\n\t\t\t\t\t                                    \r\n             <\/div>\r\n\t\t\t<h6><a href=\"https:\/\/obitelj-vn.org\/?p=4076\" title=\"U TRAVNIKU ODR\u017dAN JESENJI TE\u010cAJ PRIPRAVE ZA SAKRAMENTALNI BRAK\">U TRAVNIKU ODR\u017dAN JESENJI TE\u010cAJ PRIPRAVE ZA SAKRAMENTALNI BRAK<\/a><\/h6>\r\n\t\t\t<div class=\"thumbxxx\"><a href=\"https:\/\/obitelj-vn.org\/?p=4076\" title=\"U TRAVNIKU ODR\u017dAN JESENJI TE\u010cAJ PRIPRAVE ZA SAKRAMENTALNI BRAK\"><img loading=\"lazy\" decoding=\"async\" width=\"640\" height=\"480\" src=\"https:\/\/obitelj-vn.org\/wp-content\/uploads\/2025\/10\/IMG_9423.jpeg\" class=\"attachment-post-thumbnail size-post-thumbnail wp-post-image\" alt=\"\" srcset=\"https:\/\/obitelj-vn.org\/wp-content\/uploads\/2025\/10\/IMG_9423.jpeg 640w, https:\/\/obitelj-vn.org\/wp-content\/uploads\/2025\/10\/IMG_9423-300x225.jpeg 300w\" sizes=\"auto, (max-width: 640px) 100vw, 640px\" \/><\/a><\/div>\r\n\t\t\t\t <p><p>U subotu 25. listopada 2025. godine odr\u017ean je cjelodnevni te\u010daj priprave za sakramentalni brak u \u017eupi sv. Ivana Krstitelja u Travniku, na kojem je sudjelovalo 12 zaru\u010dni\u010dkih parova iz raznih dijelova Vrhbosanske nadbiskupije. Nakon uvodne molitve i predstavljanja programa te\u010daja, dr. sc. vl\u010d. Ante Vrhovac, povjerenik za pastoral braka i obitelji Vrhbosanske nadbiskupije, odr\u017eao&#8230;<\/p>\n<\/p>\t\r\n\t\t\t\t <a class=\"morebtn\" href=\"https:\/\/obitelj-vn.org\/?p=4076\" title=\"U TRAVNIKU ODR\u017dAN JESENJI TE\u010cAJ PRIPRAVE ZA SAKRAMENTALNI BRAK\">Read More<\/a>\t\r\n\t\t\t<div class=\"clear\"><\/div><\/div><div class=\"monthyear\">September, 2025<\/div><div class=\"pstlist\">\r\n\t\t\t <div class=\"PostMeta\">\r\n\t\t\t\t\t<span class=\"tdata\">22 rujna<\/span>\r\n\t\t\t\t\t\r\n\t\t\t\t\t                                    \r\n             <\/div>\r\n\t\t\t<h6><a href=\"https:\/\/obitelj-vn.org\/?p=4065\" title=\"Odr\u017ean obiteljski dan u Vidovicama\">Odr\u017ean obiteljski dan u Vidovicama<\/a><\/h6>\r\n\t\t\t<div class=\"thumbxxx\"><a href=\"https:\/\/obitelj-vn.org\/?p=4065\" title=\"Odr\u017ean obiteljski dan u Vidovicama\"><img loading=\"lazy\" decoding=\"async\" width=\"1600\" height=\"1200\" src=\"https:\/\/obitelj-vn.org\/wp-content\/uploads\/2025\/09\/IMG-20250920-WA0016.jpg\" class=\"attachment-post-thumbnail size-post-thumbnail wp-post-image\" alt=\"\" srcset=\"https:\/\/obitelj-vn.org\/wp-content\/uploads\/2025\/09\/IMG-20250920-WA0016.jpg 1600w, https:\/\/obitelj-vn.org\/wp-content\/uploads\/2025\/09\/IMG-20250920-WA0016-300x225.jpg 300w, https:\/\/obitelj-vn.org\/wp-content\/uploads\/2025\/09\/IMG-20250920-WA0016-1024x768.jpg 1024w, https:\/\/obitelj-vn.org\/wp-content\/uploads\/2025\/09\/IMG-20250920-WA0016-768x576.jpg 768w, https:\/\/obitelj-vn.org\/wp-content\/uploads\/2025\/09\/IMG-20250920-WA0016-1536x1152.jpg 1536w\" sizes=\"auto, (max-width: 1600px) 100vw, 1600px\" \/><\/a><\/div>\r\n\t\t\t\t <p><p>\u017dupa sv. Vida u Vidovicama kod Ora\u0161ja bila je 20. rujna 2025. g. doma\u0107inom obiteljskoga dana, kojeg je organizirao Ured za brak i obitelj Vrhbosanske nadbiskupije u suradnji sa \u017eupnikom spomenute \u017eupe, vl\u010d. Marijanom Brki\u0107em, te \u017eupljanima i supru\u017enicima Josipom i Gabrijelom Miki\u0107. Na susretu je sudjelovalo 15 obitelji iz Vidovica, Ora\u0161ja, Tolise, Domaljevca&#8230;<\/p>\n<\/p>\t\r\n\t\t\t\t <a class=\"morebtn\" href=\"https:\/\/obitelj-vn.org\/?p=4065\" title=\"Odr\u017ean obiteljski dan u Vidovicama\">Read More<\/a>\t\r\n\t\t\t<div class=\"clear\"><\/div><\/div><div class=\"monthyear\">August, 2025<\/div><div class=\"pstlist\">\r\n\t\t\t <div class=\"PostMeta\">\r\n\t\t\t\t\t<span class=\"tdata\">26 kolovoza<\/span>\r\n\t\t\t\t\t\r\n\t\t\t\t\t                                    \r\n             <\/div>\r\n\t\t\t<h6><a href=\"https:\/\/obitelj-vn.org\/?p=4044\" title=\"U travni\u010dkom sjemeni\u0161tu odr\u017eana vi\u0161ednevna duhovna obnova za obitelji\">U travni\u010dkom sjemeni\u0161tu odr\u017eana vi\u0161ednevna duhovna obnova za obitelji<\/a><\/h6>\r\n\t\t\t<div class=\"thumbxxx\"><a href=\"https:\/\/obitelj-vn.org\/?p=4044\" title=\"U travni\u010dkom sjemeni\u0161tu odr\u017eana vi\u0161ednevna duhovna obnova za obitelji\"><img loading=\"lazy\" decoding=\"async\" width=\"1620\" height=\"1080\" src=\"https:\/\/obitelj-vn.org\/wp-content\/uploads\/2025\/08\/IMG_0358.jpg\" class=\"attachment-post-thumbnail size-post-thumbnail wp-post-image\" alt=\"\" srcset=\"https:\/\/obitelj-vn.org\/wp-content\/uploads\/2025\/08\/IMG_0358.jpg 1620w, https:\/\/obitelj-vn.org\/wp-content\/uploads\/2025\/08\/IMG_0358-300x200.jpg 300w, https:\/\/obitelj-vn.org\/wp-content\/uploads\/2025\/08\/IMG_0358-1024x683.jpg 1024w, https:\/\/obitelj-vn.org\/wp-content\/uploads\/2025\/08\/IMG_0358-768x512.jpg 768w, https:\/\/obitelj-vn.org\/wp-content\/uploads\/2025\/08\/IMG_0358-1536x1024.jpg 1536w, https:\/\/obitelj-vn.org\/wp-content\/uploads\/2025\/08\/IMG_0358-272x182.jpg 272w\" sizes=\"auto, (max-width: 1620px) 100vw, 1620px\" \/><\/a><\/div>\r\n\t\t\t\t <p><p>Nadbiskupsko sjemeni\u0161te \u201ePetar Barbari\u0107\u201c u Travniku bilo je doma\u0107inom vi\u0161ednevne duhovne obnove za obitelji, koja je odr\u017eana u organizaciji Ureda za brak i obitelj Vrhbosanske nadbiskupije, te u suradnji s Centrom za savjetovanje Vrhbosanske nadbiskupije i zajednicom \u201eMolitva i Rije\u010d\u201c. Voditelji duhovne obnove, koja je imala za temu \u201eNa svoju sliku stvori Bog \u010dovjeka,&#8230;<\/p>\n<\/p>\t\r\n\t\t\t\t <a class=\"morebtn\" href=\"https:\/\/obitelj-vn.org\/?p=4044\" title=\"U travni\u010dkom sjemeni\u0161tu odr\u017eana vi\u0161ednevna duhovna obnova za obitelji\">Read More<\/a>\t\r\n\t\t\t<div class=\"clear\"><\/div><\/div><div class=\"clear\"><\/div><\/div>\n","protected":false},"excerpt":{"rendered":"","protected":false},"author":1,"featured_media":0,"parent":0,"menu_order":0,"comment_status":"closed","ping_status":"closed","template":"blog-post-left-sidebar.php","meta":{"footnotes":""},"class_list":["post-31","page","type-page","status-publish","hentry"],"_links":{"self":[{"href":"https:\/\/obitelj-vn.org\/index.php?rest_route=\/wp\/v2\/pages\/31","targetHints":{"allow":["GET"]}}],"collection":[{"href":"https:\/\/obitelj-vn.org\/index.php?rest_route=\/wp\/v2\/pages"}],"about":[{"href":"https:\/\/obitelj-vn.org\/index.php?rest_route=\/wp\/v2\/types\/page"}],"author":[{"embeddable":true,"href":"https:\/\/obitelj-vn.org\/index.php?rest_route=\/wp\/v2\/users\/1"}],"replies":[{"embeddable":true,"href":"https:\/\/obitelj-vn.org\/index.php?rest_route=%2Fwp%2Fv2%2Fcomments&post=31"}],"version-history":[{"count":9,"href":"https:\/\/obitelj-vn.org\/index.php?rest_route=\/wp\/v2\/pages\/31\/revisions"}],"predecessor-version":[{"id":2611,"href":"https:\/\/obitelj-vn.org\/index.php?rest_route=\/wp\/v2\/pages\/31\/revisions\/2611"}],"wp:attachment":[{"href":"https:\/\/obitelj-vn.org\/index.php?rest_route=%2Fwp%2Fv2%2Fmedia&parent=31"}],"curies":[{"name":"wp","href":"https:\/\/api.w.org\/{rel}","templated":true}]}}