{"id":293,"date":"2015-09-03T12:34:10","date_gmt":"2015-09-03T12:34:10","guid":{"rendered":"http:\/\/royal.codinggeek.com\/?page_id=293"},"modified":"2026-02-19T12:38:18","modified_gmt":"2026-02-19T12:38:18","slug":"contact-us","status":"publish","type":"page","link":"https:\/\/obitelj-vn.org\/?page_id=293","title":{"rendered":"Kontakt"},"content":{"rendered":"<div id=\"pl-293\"  class=\"panel-layout\" ><div id=\"pg-293-0\"  class=\"panel-grid panel-no-style\" ><div id=\"pgc-293-0-0\"  class=\"panel-grid-cell\" ><div id=\"panel-293-0-0-0\" class=\"so-panel widget widget_siteorigin-panels-builder panel-first-child panel-last-child\" data-index=\"0\" ><div class=\"cnt-address panel-widget-style panel-widget-style-for-293-0-0-0\" ><div id=\"pl-w6997043a513e9\"  class=\"panel-layout\" ><div id=\"pg-w6997043a513e9-0\"  class=\"panel-grid panel-no-style\" ><div id=\"pgc-w6997043a513e9-0-0\"  class=\"panel-grid-cell\" ><div id=\"panel-w6997043a513e9-0-0-0\" class=\"so-panel widget widget_text panel-first-child\" data-index=\"0\" ><h3 class=\"widget-title\">Ured za brak i obitelj Vrhbosanske nadbiskupije<\/h3>\t\t\t<div class=\"textwidget\"><p><span><i class=\"fa fa-map-marker\"><\/i>   <b>Adresa<\/b><\/span>  Kaptol 7, BiH 71 000 Sarajevo<\/p>\n<p><span><i class=\"fa fa-phone\"><\/i>   <b>Broj telefona<\/b><\/span>  +387 63 885 500<\/p>\n<p><span><i class=\"fa fa-envelope\"><\/i>   <b>Email<\/b><\/span>  <a href=\"mailto:information@domain.com\">obiteljvn@gmail.com<\/a><\/p>\n<\/div>\n\t\t<\/div><div id=\"panel-w6997043a513e9-0-0-1\" class=\"so-panel widget widget_sow-editor panel-last-child\" data-index=\"1\" ><div\n\t\t\t\n\t\t\tclass=\"so-widget-sow-editor so-widget-sow-editor-base\"\n\t\t\t\n\t\t>\n<div class=\"siteorigin-widget-tinymce textwidget\">\n\t<p>Ured za brak i obitelj Vrhbosanske nadbiskupije otvoren je u listopadu 2016. godine. Ured je smje\u0161ten u Kaptolu 7. Koordinator Ureda za brak i obitelj Vrhbosanske nadbiskupije je <strong>mr. sc. vl\u010d. Ante Vrhovac<\/strong>.<\/p>\n<p>Stru\u010dni suradnici:<\/p>\n<ul style=\"list-style-type: circle;\">\n<li><strong>Dr. sc. Sanda D. Smoljo<\/strong> (teologinja, psihologinja, psihoterapeutkinja)<\/li>\n<li><strong>Dr. med. Ana Pecirep<\/strong> (specijalizantica ginekologije i opstetricije)<\/li>\n<li><strong>Dr. med. Sabina Ma\u0111ar<\/strong> <strong>\u2013 Stjepi\u0107<\/strong> (spec. psihijatar)<\/li>\n<li><strong>Dr. sc. vl\u010d. Ilija Markovi\u0107<\/strong> (Crkveno pravo)<\/li>\n<li><strong>Dr. sc. Sandra Bjelan-Guska<\/strong> (pedagoginja)<\/li>\n<li><strong>Prof. Emanuela Buzuk<\/strong> (pedagoginja)<\/li>\n<li><strong>Dipl. psihol. Stanislav Stijepi\u0107<\/strong> (psiholog, psihoterapeut)<\/li>\n<\/ul>\n<\/div>\n<\/div><\/div><\/div><div id=\"pgc-w6997043a513e9-0-1\"  class=\"panel-grid-cell\" ><div id=\"panel-w6997043a513e9-0-1-0\" class=\"so-panel widget widget_text panel-first-child panel-last-child\" data-index=\"2\" ><div class=\"cnt-form panel-widget-style panel-widget-style-for-w6997043a513e9-0-1-0\" ><h3 class=\"widget-title\">Kontakt formular<\/h3>\t\t\t<div class=\"textwidget\">\n<div class=\"wpcf7 no-js\" id=\"wpcf7-f410-o1\" lang=\"en-US\" dir=\"ltr\" data-wpcf7-id=\"410\">\n<div class=\"screen-reader-response\"><p role=\"status\" aria-live=\"polite\" aria-atomic=\"true\"><\/p> <ul><\/ul><\/div>\n<form action=\"\/index.php?rest_route=%2Fwp%2Fv2%2Fpages%2F293#wpcf7-f410-o1\" method=\"post\" class=\"wpcf7-form init\" aria-label=\"Contact form\" novalidate=\"novalidate\" data-status=\"init\">\n<fieldset class=\"hidden-fields-container\"><input type=\"hidden\" name=\"_wpcf7\" value=\"410\" \/><input type=\"hidden\" name=\"_wpcf7_version\" value=\"6.1.5\" \/><input type=\"hidden\" name=\"_wpcf7_locale\" value=\"en_US\" \/><input type=\"hidden\" name=\"_wpcf7_unit_tag\" value=\"wpcf7-f410-o1\" \/><input type=\"hidden\" name=\"_wpcf7_container_post\" value=\"0\" \/><input type=\"hidden\" name=\"_wpcf7_posted_data_hash\" value=\"\" \/>\n<\/fieldset>\n<p><span class=\"wpcf7-form-control-wrap\" data-name=\"your-name\"><input size=\"40\" maxlength=\"400\" class=\"wpcf7-form-control wpcf7-text wpcf7-validates-as-required\" aria-required=\"true\" aria-invalid=\"false\" placeholder=\"Va\u0161e ime i prezime*\" value=\"\" type=\"text\" name=\"your-name\" \/><\/span>\n<\/p>\n<p><span class=\"wpcf7-form-control-wrap\" data-name=\"your-email\"><input size=\"40\" maxlength=\"400\" class=\"wpcf7-form-control wpcf7-email wpcf7-validates-as-required wpcf7-text wpcf7-validates-as-email\" aria-required=\"true\" aria-invalid=\"false\" placeholder=\"Email adresa*\" value=\"\" type=\"email\" name=\"your-email\" \/><\/span>\n<\/p>\n<p><span class=\"wpcf7-form-control-wrap\" data-name=\"your-mobile-number\"><input size=\"40\" maxlength=\"400\" class=\"wpcf7-form-control wpcf7-text\" aria-invalid=\"false\" placeholder=\"Broj telefona\" value=\"\" type=\"text\" name=\"your-mobile-number\" \/><\/span>\n<\/p>\n<p><span class=\"wpcf7-form-control-wrap\" data-name=\"your-message\"><textarea cols=\"40\" rows=\"10\" maxlength=\"2000\" class=\"wpcf7-form-control wpcf7-textarea\" aria-invalid=\"false\" placeholder=\"Va\u0161a poruka*\" name=\"your-message\"><\/textarea><\/span>\n<\/p>\n<p><input class=\"wpcf7-form-control wpcf7-submit has-spinner\" type=\"submit\" value=\"Po\u0161alji\" \/>\n<\/p><div class=\"wpcf7-response-output\" aria-hidden=\"true\"><\/div>\n<\/form>\n<\/div>\n<\/div>\n\t\t<\/div><\/div><\/div><\/div><\/div><\/div><\/div><\/div><\/div><\/div>","protected":false},"excerpt":{"rendered":"<p>Ured za brak i obitelj Vrhbosanske nadbiskupije Adresa Kaptol 7, BiH 71 000 Sarajevo Broj telefona +387 63 885 500 Email obiteljvn@gmail.com Ured za brak i obitelj Vrhbosanske nadbiskupije otvoren je u listopadu 2016. godine. Ured je smje\u0161ten u Kaptolu 7. Koordinator Ureda za brak i obitelj Vrhbosanske nadbiskupije je mr. sc. vl\u010d. Ante Vrhovac. Stru\u010dni suradnici: Dr. sc. Sanda D. Smoljo (teologinja, psihologinja, psihoterapeutkinja) Dr. med. Ana Pecirep (specijalizantica ginekologije i opstetricije) Dr. med. Sabina Ma\u0111ar \u2013 Stjepi\u0107 (spec. psihijatar) Dr. sc. vl\u010d. Ilija Markovi\u0107 (Crkveno pravo) Dr. sc&#8230;. <\/p>\n","protected":false},"author":1,"featured_media":0,"parent":2535,"menu_order":0,"comment_status":"closed","ping_status":"closed","template":"template-full-width.php","meta":{"footnotes":""},"class_list":["post-293","page","type-page","status-publish","hentry"],"_links":{"self":[{"href":"https:\/\/obitelj-vn.org\/index.php?rest_route=\/wp\/v2\/pages\/293","targetHints":{"allow":["GET"]}}],"collection":[{"href":"https:\/\/obitelj-vn.org\/index.php?rest_route=\/wp\/v2\/pages"}],"about":[{"href":"https:\/\/obitelj-vn.org\/index.php?rest_route=\/wp\/v2\/types\/page"}],"author":[{"embeddable":true,"href":"https:\/\/obitelj-vn.org\/index.php?rest_route=\/wp\/v2\/users\/1"}],"replies":[{"embeddable":true,"href":"https:\/\/obitelj-vn.org\/index.php?rest_route=%2Fwp%2Fv2%2Fcomments&post=293"}],"version-history":[{"count":29,"href":"https:\/\/obitelj-vn.org\/index.php?rest_route=\/wp\/v2\/pages\/293\/revisions"}],"predecessor-version":[{"id":4104,"href":"https:\/\/obitelj-vn.org\/index.php?rest_route=\/wp\/v2\/pages\/293\/revisions\/4104"}],"up":[{"embeddable":true,"href":"https:\/\/obitelj-vn.org\/index.php?rest_route=\/wp\/v2\/pages\/2535"}],"wp:attachment":[{"href":"https:\/\/obitelj-vn.org\/index.php?rest_route=%2Fwp%2Fv2%2Fmedia&parent=293"}],"curies":[{"name":"wp","href":"https:\/\/api.w.org\/{rel}","templated":true}]}}